{"id":1493,"date":"2019-06-15T21:10:00","date_gmt":"2019-06-15T19:10:00","guid":{"rendered":"http:\/\/wolfsreise.d-l-w.de\/?page_id=1493"},"modified":"2019-09-26T22:45:43","modified_gmt":"2019-09-26T20:45:43","slug":"reisebilder","status":"publish","type":"page","link":"http:\/\/wolfsreise.d-l-w.de\/?page_id=1493","title":{"rendered":"Reisebilder"},"content":{"rendered":"<figure id=\"\"><img decoding=\"async\" class=\"size-full\" src=\"http:\/\/wolfsreise.d-l-w.de\/wp-content\/uploads\/2019\/05\/19924691-925C-4626-86C4-1F275E1A159C.jpeg\"><\/figure>\n<p>Iphofen aus dem Fenster<\/p>\n<figure><img decoding=\"async\" class=\"size-full\" src=\"http:\/\/wolfsreise.d-l-w.de\/wp-content\/uploads\/2019\/05\/E74F1F94-65EA-46D1-9348-7C0456824C89.jpeg\"><\/figure>\n<p>Balkon in Malans<\/p>\n<p><img decoding=\"async\" class=\"size-full\" src=\"http:\/\/wolfsreise.d-l-w.de\/wp-content\/uploads\/2019\/05\/DDA85CB2-523F-4468-9C0A-D3A8FD94E1C3.jpeg\">Malans: Gegen\u00fcber <img decoding=\"async\" class=\"size-full\" src=\"http:\/\/wolfsreise.d-l-w.de\/wp-content\/uploads\/2019\/05\/44B3800A-D946-4D0E-BB56-EA1339CE689B.jpeg\">Dauerregen in Agra <img decoding=\"async\" class=\"size-full\" src=\"http:\/\/wolfsreise.d-l-w.de\/wp-content\/uploads\/2019\/05\/E53FE894-35B6-43BC-85B2-45B7A8C399A6.jpeg\">Noch immer Schneebedeckt<\/p>\n<figure id=\"\"><img decoding=\"async\" class=\"size-full\" src=\"http:\/\/wolfsreise.d-l-w.de\/wp-content\/uploads\/2019\/05\/782A33B7-9198-4353-9884-C7E48E7DEE79.jpeg\"><\/figure>\n<p>Pfingstrosen aus Malans<\/p>\n<figure id=\"\"><img decoding=\"async\" class=\"size-full\" src=\"http:\/\/wolfsreise.d-l-w.de\/wp-content\/uploads\/2019\/05\/104F4CD9-6C23-494F-8DFD-1F35236111C1.jpeg\"><\/figure>\n<p>Rovinj, sehr bedeckt<\/p>\n<figure id=\"\"><img decoding=\"async\" class=\"size-full\" src=\"http:\/\/wolfsreise.d-l-w.de\/wp-content\/uploads\/2019\/06\/CC7C4180-7856-4DAD-AB1D-AD9C8BFB77FC.jpeg\"><\/figure>\n<p>Rovinj, Sanierungsfall \u2013 Collage<\/p>\n<figure id=\"\"><img decoding=\"async\" class=\"size-full\" src=\"http:\/\/wolfsreise.d-l-w.de\/wp-content\/uploads\/2019\/05\/6D53465C-ECEE-4876-84DA-8E69D1652F1D.jpeg\"><\/figure>\n<p>Der Weg ohne Ziel<\/p>\n<figure id=\"\"><img decoding=\"async\" class=\"size-full\" src=\"http:\/\/wolfsreise.d-l-w.de\/wp-content\/uploads\/2019\/06\/3F3F0954-3870-43A7-A3F4-B6C34016DB73.jpeg\"><\/figure>\n<p>Endlich wieder Fisch \u2013 Buntbarben, etwas aus der \u00dcbung<\/p>\n<figure id=\"\"><img decoding=\"async\" class=\"size-full\" src=\"http:\/\/wolfsreise.d-l-w.de\/wp-content\/uploads\/2019\/06\/AA3212C5-142A-4451-9C9D-3F8E74622075.jpeg\"><\/figure>\n<p>Wildes Kroatien \u2013 Collage<\/p>\n<figure id=\"\"><img decoding=\"async\" class=\"size-full\" src=\"http:\/\/wolfsreise.d-l-w.de\/wp-content\/uploads\/2019\/06\/D8C8FBA7-BF23-4949-97AD-4D9CD93B442E.jpeg\"><\/figure>\n<p>Beim Jupiter, immer diese R\u00f6mer \u2014 In \u0160ibenik<\/p>\n<p><img decoding=\"async\" class=\"size-full\" src=\"http:\/\/wolfsreise.d-l-w.de\/wp-content\/uploads\/2019\/06\/452C5A87-1DB8-4DD6-99DB-2EFA68826E68.jpeg\">Omi\u0161, Sonntags in der kleinen Stadt<\/p>\n<figure id=\"\"><img decoding=\"async\" class=\"size-full\" src=\"http:\/\/wolfsreise.d-l-w.de\/wp-content\/uploads\/2019\/06\/609B5816-1A79-4575-A5FB-227204D6DBFD.jpeg\"><\/figure>\n<p>Omi\u0161 \u2013 Dienstags immer noch (inzwischen ist der 11. Juni)<\/p>\n<figure id=\"\"><img decoding=\"async\" class=\"size-full\" src=\"http:\/\/wolfsreise.d-l-w.de\/wp-content\/uploads\/2019\/06\/img_1432-2.jpg\"><\/figure>\n<p>Splitter in Split<\/p>\n<p><img decoding=\"async\" class=\"size-full\" src=\"http:\/\/wolfsreise.d-l-w.de\/wp-content\/uploads\/2019\/06\/img_1435.jpg\">Wie immer: die Kirche bleibt im Dorf<\/p>\n\n\n<figure class=\"wp-block-image\"><img loading=\"lazy\" decoding=\"async\" width=\"1024\" height=\"686\" src=\"http:\/\/wolfsreise.d-l-w.de\/wp-content\/uploads\/2019\/06\/A788B66F-9D7C-4B17-9A9E-1B4CEA594C4E-1024x686.jpeg\" alt=\"\" class=\"wp-image-1577\" srcset=\"http:\/\/wolfsreise.d-l-w.de\/wp-content\/uploads\/2019\/06\/A788B66F-9D7C-4B17-9A9E-1B4CEA594C4E-1024x686.jpeg 1024w, http:\/\/wolfsreise.d-l-w.de\/wp-content\/uploads\/2019\/06\/A788B66F-9D7C-4B17-9A9E-1B4CEA594C4E-150x100.jpeg 150w, http:\/\/wolfsreise.d-l-w.de\/wp-content\/uploads\/2019\/06\/A788B66F-9D7C-4B17-9A9E-1B4CEA594C4E-300x201.jpeg 300w, http:\/\/wolfsreise.d-l-w.de\/wp-content\/uploads\/2019\/06\/A788B66F-9D7C-4B17-9A9E-1B4CEA594C4E-768x515.jpeg 768w\" sizes=\"(max-width: 767px) 89vw, (max-width: 1000px) 54vw, (max-width: 1071px) 543px, 580px\" \/><figcaption>Am stillen See ohne Badende<\/figcaption><\/figure>\n\n\n\n<figure class=\"wp-block-image\"><img loading=\"lazy\" decoding=\"async\" width=\"1024\" height=\"715\" src=\"http:\/\/wolfsreise.d-l-w.de\/wp-content\/uploads\/2019\/06\/944E92FE-7346-47F4-A465-AA32B81BA1BA-1024x715.jpeg\" alt=\"\" class=\"wp-image-1578\" srcset=\"http:\/\/wolfsreise.d-l-w.de\/wp-content\/uploads\/2019\/06\/944E92FE-7346-47F4-A465-AA32B81BA1BA-1024x715.jpeg 1024w, http:\/\/wolfsreise.d-l-w.de\/wp-content\/uploads\/2019\/06\/944E92FE-7346-47F4-A465-AA32B81BA1BA-150x105.jpeg 150w, http:\/\/wolfsreise.d-l-w.de\/wp-content\/uploads\/2019\/06\/944E92FE-7346-47F4-A465-AA32B81BA1BA-300x210.jpeg 300w, http:\/\/wolfsreise.d-l-w.de\/wp-content\/uploads\/2019\/06\/944E92FE-7346-47F4-A465-AA32B81BA1BA-768x537.jpeg 768w\" sizes=\"(max-width: 767px) 89vw, (max-width: 1000px) 54vw, (max-width: 1071px) 543px, 580px\" \/><figcaption>Romanisches Kirchlein in Omi\u0161<\/figcaption><\/figure>\n\n\n\n<figure class=\"wp-block-image\"><img loading=\"lazy\" decoding=\"async\" width=\"1024\" height=\"694\" src=\"http:\/\/wolfsreise.d-l-w.de\/wp-content\/uploads\/2019\/06\/94E03274-A291-44FF-976A-F084E7747AF9-1024x694.jpeg\" alt=\"\" class=\"wp-image-1579\" srcset=\"http:\/\/wolfsreise.d-l-w.de\/wp-content\/uploads\/2019\/06\/94E03274-A291-44FF-976A-F084E7747AF9-1024x694.jpeg 1024w, http:\/\/wolfsreise.d-l-w.de\/wp-content\/uploads\/2019\/06\/94E03274-A291-44FF-976A-F084E7747AF9-150x102.jpeg 150w, http:\/\/wolfsreise.d-l-w.de\/wp-content\/uploads\/2019\/06\/94E03274-A291-44FF-976A-F084E7747AF9-300x203.jpeg 300w, http:\/\/wolfsreise.d-l-w.de\/wp-content\/uploads\/2019\/06\/94E03274-A291-44FF-976A-F084E7747AF9-768x520.jpeg 768w\" sizes=\"(max-width: 767px) 89vw, (max-width: 1000px) 54vw, (max-width: 1071px) 543px, 580px\" \/><figcaption>Faltberge im NP Durmitor, Montenegro <\/figcaption><\/figure>\n\n\n\n<figure class=\"wp-block-image\"><img loading=\"lazy\" decoding=\"async\" width=\"1024\" height=\"721\" src=\"http:\/\/wolfsreise.d-l-w.de\/wp-content\/uploads\/2019\/06\/134ED732-EB16-4F65-83C6-533B0EF10E66-1024x721.jpeg\" alt=\"\" class=\"wp-image-1663\" srcset=\"http:\/\/wolfsreise.d-l-w.de\/wp-content\/uploads\/2019\/06\/134ED732-EB16-4F65-83C6-533B0EF10E66-1024x721.jpeg 1024w, http:\/\/wolfsreise.d-l-w.de\/wp-content\/uploads\/2019\/06\/134ED732-EB16-4F65-83C6-533B0EF10E66-150x106.jpeg 150w, http:\/\/wolfsreise.d-l-w.de\/wp-content\/uploads\/2019\/06\/134ED732-EB16-4F65-83C6-533B0EF10E66-300x211.jpeg 300w, http:\/\/wolfsreise.d-l-w.de\/wp-content\/uploads\/2019\/06\/134ED732-EB16-4F65-83C6-533B0EF10E66-768x540.jpeg 768w, http:\/\/wolfsreise.d-l-w.de\/wp-content\/uploads\/2019\/06\/134ED732-EB16-4F65-83C6-533B0EF10E66.jpeg 1934w\" sizes=\"(max-width: 767px) 89vw, (max-width: 1000px) 54vw, (max-width: 1071px) 543px, 580px\" \/><figcaption><em>Das Mini-1-Nonnen-Katzen-Bienen-Kloster<\/em><\/figcaption><\/figure>\n\n\n\n<figure class=\"wp-block-image\"><img loading=\"lazy\" decoding=\"async\" width=\"1024\" height=\"722\" src=\"http:\/\/wolfsreise.d-l-w.de\/wp-content\/uploads\/2019\/06\/1042DBBE-8E41-44D7-B1B3-BAE16F8FB2F6-1024x722.jpeg\" alt=\"\" class=\"wp-image-1664\" srcset=\"http:\/\/wolfsreise.d-l-w.de\/wp-content\/uploads\/2019\/06\/1042DBBE-8E41-44D7-B1B3-BAE16F8FB2F6-1024x722.jpeg 1024w, http:\/\/wolfsreise.d-l-w.de\/wp-content\/uploads\/2019\/06\/1042DBBE-8E41-44D7-B1B3-BAE16F8FB2F6-150x106.jpeg 150w, http:\/\/wolfsreise.d-l-w.de\/wp-content\/uploads\/2019\/06\/1042DBBE-8E41-44D7-B1B3-BAE16F8FB2F6-300x211.jpeg 300w, http:\/\/wolfsreise.d-l-w.de\/wp-content\/uploads\/2019\/06\/1042DBBE-8E41-44D7-B1B3-BAE16F8FB2F6-768x541.jpeg 768w, http:\/\/wolfsreise.d-l-w.de\/wp-content\/uploads\/2019\/06\/1042DBBE-8E41-44D7-B1B3-BAE16F8FB2F6.jpeg 1934w\" sizes=\"(max-width: 767px) 89vw, (max-width: 1000px) 54vw, (max-width: 1071px) 543px, 580px\" \/><figcaption>Nahe des Tarn<\/figcaption><\/figure>\n\n\n\n<figure class=\"wp-block-image\"><img loading=\"lazy\" decoding=\"async\" width=\"761\" height=\"1024\" src=\"http:\/\/wolfsreise.d-l-w.de\/wp-content\/uploads\/2019\/07\/F993482C-D422-4F60-A5BD-1B0722721D11-761x1024.jpeg\" alt=\"\" class=\"wp-image-1710\" srcset=\"http:\/\/wolfsreise.d-l-w.de\/wp-content\/uploads\/2019\/07\/F993482C-D422-4F60-A5BD-1B0722721D11-761x1024.jpeg 761w, http:\/\/wolfsreise.d-l-w.de\/wp-content\/uploads\/2019\/07\/F993482C-D422-4F60-A5BD-1B0722721D11-112x150.jpeg 112w, http:\/\/wolfsreise.d-l-w.de\/wp-content\/uploads\/2019\/07\/F993482C-D422-4F60-A5BD-1B0722721D11-223x300.jpeg 223w, http:\/\/wolfsreise.d-l-w.de\/wp-content\/uploads\/2019\/07\/F993482C-D422-4F60-A5BD-1B0722721D11-768x1033.jpeg 768w, http:\/\/wolfsreise.d-l-w.de\/wp-content\/uploads\/2019\/07\/F993482C-D422-4F60-A5BD-1B0722721D11.jpeg 1505w\" sizes=\"(max-width: 706px) 89vw, (max-width: 767px) 82vw, 740px\" \/><figcaption>Kirchenreste \u00fcberall<\/figcaption><\/figure>\n\n\n\n<figure class=\"wp-block-image\"><img loading=\"lazy\" decoding=\"async\" width=\"718\" height=\"1024\" src=\"http:\/\/wolfsreise.d-l-w.de\/wp-content\/uploads\/2019\/07\/3EA34B7C-8704-46C2-9900-AFAAAB508143-718x1024.jpeg\" alt=\"\" class=\"wp-image-1711\" srcset=\"http:\/\/wolfsreise.d-l-w.de\/wp-content\/uploads\/2019\/07\/3EA34B7C-8704-46C2-9900-AFAAAB508143-718x1024.jpeg 718w, http:\/\/wolfsreise.d-l-w.de\/wp-content\/uploads\/2019\/07\/3EA34B7C-8704-46C2-9900-AFAAAB508143-105x150.jpeg 105w, http:\/\/wolfsreise.d-l-w.de\/wp-content\/uploads\/2019\/07\/3EA34B7C-8704-46C2-9900-AFAAAB508143-210x300.jpeg 210w, http:\/\/wolfsreise.d-l-w.de\/wp-content\/uploads\/2019\/07\/3EA34B7C-8704-46C2-9900-AFAAAB508143-768x1096.jpeg 768w, http:\/\/wolfsreise.d-l-w.de\/wp-content\/uploads\/2019\/07\/3EA34B7C-8704-46C2-9900-AFAAAB508143.jpeg 1615w\" sizes=\"(max-width: 718px) 100vw, 718px\" \/><figcaption>Eine Skizze f\u00fcr Christa<\/figcaption><\/figure>\n\n\n\n<figure class=\"wp-block-image\"><img loading=\"lazy\" decoding=\"async\" width=\"1024\" height=\"714\" src=\"http:\/\/wolfsreise.d-l-w.de\/wp-content\/uploads\/2019\/07\/E69FD637-06CF-463B-8848-B122472635CB-1024x714.jpeg\" alt=\"\" class=\"wp-image-1712\" srcset=\"http:\/\/wolfsreise.d-l-w.de\/wp-content\/uploads\/2019\/07\/E69FD637-06CF-463B-8848-B122472635CB-1024x714.jpeg 1024w, http:\/\/wolfsreise.d-l-w.de\/wp-content\/uploads\/2019\/07\/E69FD637-06CF-463B-8848-B122472635CB-150x105.jpeg 150w, http:\/\/wolfsreise.d-l-w.de\/wp-content\/uploads\/2019\/07\/E69FD637-06CF-463B-8848-B122472635CB-300x209.jpeg 300w, http:\/\/wolfsreise.d-l-w.de\/wp-content\/uploads\/2019\/07\/E69FD637-06CF-463B-8848-B122472635CB-768x536.jpeg 768w\" sizes=\"(max-width: 767px) 89vw, (max-width: 1000px) 54vw, (max-width: 1071px) 543px, 580px\" \/><figcaption>Schnelle Hobbit-Skizze <\/figcaption><\/figure>\n\n\n\n<figure class=\"wp-block-image\"><img loading=\"lazy\" decoding=\"async\" width=\"509\" height=\"1024\" src=\"http:\/\/wolfsreise.d-l-w.de\/wp-content\/uploads\/2019\/07\/E502E267-1861-41B1-A496-9D17127F73BC-509x1024.jpeg\" alt=\"\" class=\"wp-image-1713\" srcset=\"http:\/\/wolfsreise.d-l-w.de\/wp-content\/uploads\/2019\/07\/E502E267-1861-41B1-A496-9D17127F73BC-509x1024.jpeg 509w, http:\/\/wolfsreise.d-l-w.de\/wp-content\/uploads\/2019\/07\/E502E267-1861-41B1-A496-9D17127F73BC-75x150.jpeg 75w, http:\/\/wolfsreise.d-l-w.de\/wp-content\/uploads\/2019\/07\/E502E267-1861-41B1-A496-9D17127F73BC-149x300.jpeg 149w, http:\/\/wolfsreise.d-l-w.de\/wp-content\/uploads\/2019\/07\/E502E267-1861-41B1-A496-9D17127F73BC-768x1545.jpeg 768w, http:\/\/wolfsreise.d-l-w.de\/wp-content\/uploads\/2019\/07\/E502E267-1861-41B1-A496-9D17127F73BC.jpeg 1196w\" sizes=\"(max-width: 509px) 100vw, 509px\" \/><figcaption>Wilder Rittersporn am Rande des Parco Nazionale M. Pollino<\/figcaption><\/figure>\n\n\n\n<figure class=\"wp-block-image\"><img loading=\"lazy\" decoding=\"async\" width=\"1024\" height=\"710\" src=\"http:\/\/wolfsreise.d-l-w.de\/wp-content\/uploads\/2019\/07\/5212CC9A-1198-4C5E-B0A0-BD557E983D06-1024x710.jpeg\" alt=\"\" class=\"wp-image-2034\" srcset=\"http:\/\/wolfsreise.d-l-w.de\/wp-content\/uploads\/2019\/07\/5212CC9A-1198-4C5E-B0A0-BD557E983D06-1024x710.jpeg 1024w, http:\/\/wolfsreise.d-l-w.de\/wp-content\/uploads\/2019\/07\/5212CC9A-1198-4C5E-B0A0-BD557E983D06-150x104.jpeg 150w, http:\/\/wolfsreise.d-l-w.de\/wp-content\/uploads\/2019\/07\/5212CC9A-1198-4C5E-B0A0-BD557E983D06-300x208.jpeg 300w, http:\/\/wolfsreise.d-l-w.de\/wp-content\/uploads\/2019\/07\/5212CC9A-1198-4C5E-B0A0-BD557E983D06-768x533.jpeg 768w\" sizes=\"(max-width: 767px) 89vw, (max-width: 1000px) 54vw, (max-width: 1071px) 543px, 580px\" \/><figcaption>Matera f\u00fcr Tina<\/figcaption><\/figure>\n\n\n\n<figure class=\"wp-block-image\"><img loading=\"lazy\" decoding=\"async\" width=\"394\" height=\"550\" src=\"http:\/\/wolfsreise.d-l-w.de\/wp-content\/uploads\/2019\/07\/E2754B5F-CB9A-4138-8E21-8A6950090A1D.jpeg\" alt=\"\" class=\"wp-image-2036\" srcset=\"http:\/\/wolfsreise.d-l-w.de\/wp-content\/uploads\/2019\/07\/E2754B5F-CB9A-4138-8E21-8A6950090A1D.jpeg 394w, http:\/\/wolfsreise.d-l-w.de\/wp-content\/uploads\/2019\/07\/E2754B5F-CB9A-4138-8E21-8A6950090A1D-107x150.jpeg 107w, http:\/\/wolfsreise.d-l-w.de\/wp-content\/uploads\/2019\/07\/E2754B5F-CB9A-4138-8E21-8A6950090A1D-215x300.jpeg 215w\" sizes=\"(max-width: 394px) 100vw, 394px\" \/><figcaption>ein roter Traum f\u00fcr Ruth und Theis<\/figcaption><\/figure>\n\n\n\n<figure class=\"wp-block-image\"><img loading=\"lazy\" decoding=\"async\" width=\"1024\" height=\"730\" src=\"http:\/\/wolfsreise.d-l-w.de\/wp-content\/uploads\/2019\/07\/89DC66C1-A474-4638-A05E-107AA8F71B2B-1024x730.jpeg\" alt=\"\" class=\"wp-image-2042\" srcset=\"http:\/\/wolfsreise.d-l-w.de\/wp-content\/uploads\/2019\/07\/89DC66C1-A474-4638-A05E-107AA8F71B2B-1024x730.jpeg 1024w, http:\/\/wolfsreise.d-l-w.de\/wp-content\/uploads\/2019\/07\/89DC66C1-A474-4638-A05E-107AA8F71B2B-150x107.jpeg 150w, http:\/\/wolfsreise.d-l-w.de\/wp-content\/uploads\/2019\/07\/89DC66C1-A474-4638-A05E-107AA8F71B2B-300x214.jpeg 300w, http:\/\/wolfsreise.d-l-w.de\/wp-content\/uploads\/2019\/07\/89DC66C1-A474-4638-A05E-107AA8F71B2B-768x548.jpeg 768w\" sizes=\"(max-width: 767px) 89vw, (max-width: 1000px) 54vw, (max-width: 1071px) 543px, 580px\" \/><figcaption>Gill denkt bei Bologna an ihren alten Brieffreund &#8211; unvergessen.<\/figcaption><\/figure>\n\n\n\n<figure class=\"wp-block-image\"><img loading=\"lazy\" decoding=\"async\" width=\"1024\" height=\"764\" src=\"http:\/\/wolfsreise.d-l-w.de\/wp-content\/uploads\/2019\/07\/0376DB60-FB92-4810-A982-C95646D2E2F5-1024x764.jpeg\" alt=\"\" class=\"wp-image-2040\" srcset=\"http:\/\/wolfsreise.d-l-w.de\/wp-content\/uploads\/2019\/07\/0376DB60-FB92-4810-A982-C95646D2E2F5-1024x764.jpeg 1024w, http:\/\/wolfsreise.d-l-w.de\/wp-content\/uploads\/2019\/07\/0376DB60-FB92-4810-A982-C95646D2E2F5-150x112.jpeg 150w, http:\/\/wolfsreise.d-l-w.de\/wp-content\/uploads\/2019\/07\/0376DB60-FB92-4810-A982-C95646D2E2F5-300x224.jpeg 300w, http:\/\/wolfsreise.d-l-w.de\/wp-content\/uploads\/2019\/07\/0376DB60-FB92-4810-A982-C95646D2E2F5-768x573.jpeg 768w\" sizes=\"(max-width: 767px) 89vw, (max-width: 1000px) 54vw, (max-width: 1071px) 543px, 580px\" \/><figcaption>Dem traurigen Fisch ist verdammt hei\u00df &#8230; und<\/figcaption><\/figure>\n\n\n\n<figure class=\"wp-block-image\"><img loading=\"lazy\" decoding=\"async\" width=\"1024\" height=\"728\" src=\"http:\/\/wolfsreise.d-l-w.de\/wp-content\/uploads\/2019\/07\/A3601434-8EE5-45FE-B587-C5E19990466B-1024x728.jpeg\" alt=\"\" class=\"wp-image-2038\" srcset=\"http:\/\/wolfsreise.d-l-w.de\/wp-content\/uploads\/2019\/07\/A3601434-8EE5-45FE-B587-C5E19990466B-1024x728.jpeg 1024w, http:\/\/wolfsreise.d-l-w.de\/wp-content\/uploads\/2019\/07\/A3601434-8EE5-45FE-B587-C5E19990466B-150x107.jpeg 150w, http:\/\/wolfsreise.d-l-w.de\/wp-content\/uploads\/2019\/07\/A3601434-8EE5-45FE-B587-C5E19990466B-300x213.jpeg 300w, http:\/\/wolfsreise.d-l-w.de\/wp-content\/uploads\/2019\/07\/A3601434-8EE5-45FE-B587-C5E19990466B-768x546.jpeg 768w\" sizes=\"(max-width: 767px) 89vw, (max-width: 1000px) 54vw, (max-width: 1071px) 543px, 580px\" \/><figcaption>dem ist noch hei\u00dfer!<\/figcaption><\/figure>\n\n\n\n<figure class=\"wp-block-image\"><img loading=\"lazy\" decoding=\"async\" width=\"1024\" height=\"765\" src=\"http:\/\/wolfsreise.d-l-w.de\/wp-content\/uploads\/2019\/07\/705534D8-CC25-4A38-9F27-99814926BE86-1024x765.jpeg\" alt=\"\" class=\"wp-image-2039\" srcset=\"http:\/\/wolfsreise.d-l-w.de\/wp-content\/uploads\/2019\/07\/705534D8-CC25-4A38-9F27-99814926BE86-1024x765.jpeg 1024w, http:\/\/wolfsreise.d-l-w.de\/wp-content\/uploads\/2019\/07\/705534D8-CC25-4A38-9F27-99814926BE86-150x112.jpeg 150w, http:\/\/wolfsreise.d-l-w.de\/wp-content\/uploads\/2019\/07\/705534D8-CC25-4A38-9F27-99814926BE86-300x224.jpeg 300w, http:\/\/wolfsreise.d-l-w.de\/wp-content\/uploads\/2019\/07\/705534D8-CC25-4A38-9F27-99814926BE86-768x574.jpeg 768w\" sizes=\"(max-width: 767px) 89vw, (max-width: 1000px) 54vw, (max-width: 1071px) 543px, 580px\" \/><figcaption>Zerkl\u00fcftete Abruzzen <\/figcaption><\/figure>\n\n\n\n<figure class=\"wp-block-image\"><img loading=\"lazy\" decoding=\"async\" width=\"727\" height=\"1024\" src=\"http:\/\/wolfsreise.d-l-w.de\/wp-content\/uploads\/2019\/07\/3CD6E83D-043E-4E34-9A9B-D9E7DD042503-727x1024.jpeg\" alt=\"\" class=\"wp-image-2041\" srcset=\"http:\/\/wolfsreise.d-l-w.de\/wp-content\/uploads\/2019\/07\/3CD6E83D-043E-4E34-9A9B-D9E7DD042503-727x1024.jpeg 727w, http:\/\/wolfsreise.d-l-w.de\/wp-content\/uploads\/2019\/07\/3CD6E83D-043E-4E34-9A9B-D9E7DD042503-106x150.jpeg 106w, http:\/\/wolfsreise.d-l-w.de\/wp-content\/uploads\/2019\/07\/3CD6E83D-043E-4E34-9A9B-D9E7DD042503-213x300.jpeg 213w, http:\/\/wolfsreise.d-l-w.de\/wp-content\/uploads\/2019\/07\/3CD6E83D-043E-4E34-9A9B-D9E7DD042503-768x1082.jpeg 768w, http:\/\/wolfsreise.d-l-w.de\/wp-content\/uploads\/2019\/07\/3CD6E83D-043E-4E34-9A9B-D9E7DD042503.jpeg 1536w\" sizes=\"(max-width: 727px) 100vw, 727px\" \/><figcaption><em>Donata aus den Abruzzen l\u00e4chelt seit 1500 unendlich abgekl\u00e4rt von ihrer Tonvase herab &#8211; f\u00fcr Heidi ein letzter Gru\u00df aus Italien.<\/em><\/figcaption><\/figure>\n\n\n\n<figure class=\"wp-block-image\"><img loading=\"lazy\" decoding=\"async\" width=\"460\" height=\"640\" src=\"http:\/\/wolfsreise.d-l-w.de\/wp-content\/uploads\/2019\/07\/D3FFEA7B-20F8-40BA-A1E7-62D97B6B4060.jpeg\" alt=\"\" class=\"wp-image-2065\" srcset=\"http:\/\/wolfsreise.d-l-w.de\/wp-content\/uploads\/2019\/07\/D3FFEA7B-20F8-40BA-A1E7-62D97B6B4060.jpeg 460w, http:\/\/wolfsreise.d-l-w.de\/wp-content\/uploads\/2019\/07\/D3FFEA7B-20F8-40BA-A1E7-62D97B6B4060-108x150.jpeg 108w, http:\/\/wolfsreise.d-l-w.de\/wp-content\/uploads\/2019\/07\/D3FFEA7B-20F8-40BA-A1E7-62D97B6B4060-216x300.jpeg 216w\" sizes=\"(max-width: 460px) 100vw, 460px\" \/><figcaption>Im Keramikdorf der Abruzzen <\/figcaption><\/figure>\n\n\n\n<figure class=\"wp-block-image\"><img loading=\"lazy\" decoding=\"async\" width=\"1024\" height=\"827\" src=\"http:\/\/wolfsreise.d-l-w.de\/wp-content\/uploads\/2019\/08\/9FDE3053-D3FD-4A9E-8BC2-57CA3E4925A1-1024x827.jpeg\" alt=\"\" class=\"wp-image-2091\" srcset=\"http:\/\/wolfsreise.d-l-w.de\/wp-content\/uploads\/2019\/08\/9FDE3053-D3FD-4A9E-8BC2-57CA3E4925A1-1024x827.jpeg 1024w, http:\/\/wolfsreise.d-l-w.de\/wp-content\/uploads\/2019\/08\/9FDE3053-D3FD-4A9E-8BC2-57CA3E4925A1-150x121.jpeg 150w, http:\/\/wolfsreise.d-l-w.de\/wp-content\/uploads\/2019\/08\/9FDE3053-D3FD-4A9E-8BC2-57CA3E4925A1-300x242.jpeg 300w, http:\/\/wolfsreise.d-l-w.de\/wp-content\/uploads\/2019\/08\/9FDE3053-D3FD-4A9E-8BC2-57CA3E4925A1-768x620.jpeg 768w, http:\/\/wolfsreise.d-l-w.de\/wp-content\/uploads\/2019\/08\/9FDE3053-D3FD-4A9E-8BC2-57CA3E4925A1.jpeg 2048w\" sizes=\"(max-width: 767px) 89vw, (max-width: 1000px) 54vw, (max-width: 1071px) 543px, 580px\" \/><figcaption>Arkaden in Bologna <\/figcaption><\/figure>\n\n\n\n<figure class=\"wp-block-image\"><img loading=\"lazy\" decoding=\"async\" width=\"696\" height=\"1024\" src=\"http:\/\/wolfsreise.d-l-w.de\/wp-content\/uploads\/2019\/08\/73A48F3B-4DF8-40E0-871C-A7C45B24B90F-696x1024.jpeg\" alt=\"\" class=\"wp-image-2098\" srcset=\"http:\/\/wolfsreise.d-l-w.de\/wp-content\/uploads\/2019\/08\/73A48F3B-4DF8-40E0-871C-A7C45B24B90F-696x1024.jpeg 696w, http:\/\/wolfsreise.d-l-w.de\/wp-content\/uploads\/2019\/08\/73A48F3B-4DF8-40E0-871C-A7C45B24B90F-102x150.jpeg 102w, http:\/\/wolfsreise.d-l-w.de\/wp-content\/uploads\/2019\/08\/73A48F3B-4DF8-40E0-871C-A7C45B24B90F-204x300.jpeg 204w, http:\/\/wolfsreise.d-l-w.de\/wp-content\/uploads\/2019\/08\/73A48F3B-4DF8-40E0-871C-A7C45B24B90F-768x1130.jpeg 768w, http:\/\/wolfsreise.d-l-w.de\/wp-content\/uploads\/2019\/08\/73A48F3B-4DF8-40E0-871C-A7C45B24B90F.jpeg 1536w\" sizes=\"(max-width: 696px) 100vw, 696px\" \/><figcaption>Erste Station nach Italy in France: Brian\u00e7on, Alpes Azur, im Winter mit Schnee und Ski<\/figcaption><\/figure>\n\n\n\n<figure class=\"wp-block-image\"><img loading=\"lazy\" decoding=\"async\" width=\"640\" height=\"454\" src=\"http:\/\/wolfsreise.d-l-w.de\/wp-content\/uploads\/2019\/08\/28770EE8-B0D1-40F7-82F4-5D706CD47FF5.jpeg\" alt=\"\" class=\"wp-image-2277\" srcset=\"http:\/\/wolfsreise.d-l-w.de\/wp-content\/uploads\/2019\/08\/28770EE8-B0D1-40F7-82F4-5D706CD47FF5.jpeg 640w, http:\/\/wolfsreise.d-l-w.de\/wp-content\/uploads\/2019\/08\/28770EE8-B0D1-40F7-82F4-5D706CD47FF5-150x106.jpeg 150w, http:\/\/wolfsreise.d-l-w.de\/wp-content\/uploads\/2019\/08\/28770EE8-B0D1-40F7-82F4-5D706CD47FF5-300x213.jpeg 300w\" sizes=\"(max-width: 640px) 100vw, 640px\" \/><\/figure>\n\n\n\n<figure class=\"wp-block-image\"><img loading=\"lazy\" decoding=\"async\" width=\"1024\" height=\"741\" src=\"http:\/\/wolfsreise.d-l-w.de\/wp-content\/uploads\/2019\/08\/060A971E-26DA-4C1D-8531-D03F109A7331-1024x741.jpeg\" alt=\"\" class=\"wp-image-2278\" srcset=\"http:\/\/wolfsreise.d-l-w.de\/wp-content\/uploads\/2019\/08\/060A971E-26DA-4C1D-8531-D03F109A7331-1024x741.jpeg 1024w, http:\/\/wolfsreise.d-l-w.de\/wp-content\/uploads\/2019\/08\/060A971E-26DA-4C1D-8531-D03F109A7331-150x108.jpeg 150w, http:\/\/wolfsreise.d-l-w.de\/wp-content\/uploads\/2019\/08\/060A971E-26DA-4C1D-8531-D03F109A7331-300x217.jpeg 300w, http:\/\/wolfsreise.d-l-w.de\/wp-content\/uploads\/2019\/08\/060A971E-26DA-4C1D-8531-D03F109A7331-768x555.jpeg 768w, http:\/\/wolfsreise.d-l-w.de\/wp-content\/uploads\/2019\/08\/060A971E-26DA-4C1D-8531-D03F109A7331.jpeg 1438w\" sizes=\"(max-width: 767px) 89vw, (max-width: 1000px) 54vw, (max-width: 1071px) 543px, 580px\" \/><figcaption>Cyan de Bergerac<\/figcaption><\/figure>\n\n\n\n<figure class=\"wp-block-image\"><img loading=\"lazy\" decoding=\"async\" width=\"719\" height=\"1024\" src=\"http:\/\/wolfsreise.d-l-w.de\/wp-content\/uploads\/2019\/08\/0782038D-4CB8-4DA7-B464-BE30245C1EE9-719x1024.jpeg\" alt=\"\" class=\"wp-image-2322\" srcset=\"http:\/\/wolfsreise.d-l-w.de\/wp-content\/uploads\/2019\/08\/0782038D-4CB8-4DA7-B464-BE30245C1EE9-719x1024.jpeg 719w, http:\/\/wolfsreise.d-l-w.de\/wp-content\/uploads\/2019\/08\/0782038D-4CB8-4DA7-B464-BE30245C1EE9-105x150.jpeg 105w, http:\/\/wolfsreise.d-l-w.de\/wp-content\/uploads\/2019\/08\/0782038D-4CB8-4DA7-B464-BE30245C1EE9-211x300.jpeg 211w, http:\/\/wolfsreise.d-l-w.de\/wp-content\/uploads\/2019\/08\/0782038D-4CB8-4DA7-B464-BE30245C1EE9-768x1094.jpeg 768w, http:\/\/wolfsreise.d-l-w.de\/wp-content\/uploads\/2019\/08\/0782038D-4CB8-4DA7-B464-BE30245C1EE9.jpeg 1728w\" sizes=\"(max-width: 719px) 100vw, 719px\" \/><figcaption>DIese T\u00fcr bleibt f\u00fcr immer geschlossen.<\/figcaption><\/figure>\n\n\n\n<figure class=\"wp-block-image\"><img loading=\"lazy\" decoding=\"async\" width=\"697\" height=\"1024\" src=\"http:\/\/wolfsreise.d-l-w.de\/wp-content\/uploads\/2019\/08\/44933C7A-5CB2-45C8-AAA4-E38C6AEFDB11-697x1024.jpeg\" alt=\"\" class=\"wp-image-2324\" srcset=\"http:\/\/wolfsreise.d-l-w.de\/wp-content\/uploads\/2019\/08\/44933C7A-5CB2-45C8-AAA4-E38C6AEFDB11-697x1024.jpeg 697w, http:\/\/wolfsreise.d-l-w.de\/wp-content\/uploads\/2019\/08\/44933C7A-5CB2-45C8-AAA4-E38C6AEFDB11-102x150.jpeg 102w, http:\/\/wolfsreise.d-l-w.de\/wp-content\/uploads\/2019\/08\/44933C7A-5CB2-45C8-AAA4-E38C6AEFDB11-204x300.jpeg 204w, http:\/\/wolfsreise.d-l-w.de\/wp-content\/uploads\/2019\/08\/44933C7A-5CB2-45C8-AAA4-E38C6AEFDB11-768x1128.jpeg 768w, http:\/\/wolfsreise.d-l-w.de\/wp-content\/uploads\/2019\/08\/44933C7A-5CB2-45C8-AAA4-E38C6AEFDB11.jpeg 1547w\" sizes=\"(max-width: 697px) 100vw, 697px\" \/><figcaption> Romanischer geht\u2019s nimmermehr &#8211; Westwehr von St. Vincent-Rive-d\u2018Olt<\/figcaption><\/figure>\n\n\n\n<figure class=\"wp-block-image\"><img loading=\"lazy\" decoding=\"async\" width=\"1024\" height=\"729\" src=\"http:\/\/wolfsreise.d-l-w.de\/wp-content\/uploads\/2019\/09\/58A19855-4BFA-4C06-A06D-568F39D43DDD-1024x729.jpeg\" alt=\"\" class=\"wp-image-2509\" srcset=\"http:\/\/wolfsreise.d-l-w.de\/wp-content\/uploads\/2019\/09\/58A19855-4BFA-4C06-A06D-568F39D43DDD-1024x729.jpeg 1024w, http:\/\/wolfsreise.d-l-w.de\/wp-content\/uploads\/2019\/09\/58A19855-4BFA-4C06-A06D-568F39D43DDD-150x107.jpeg 150w, http:\/\/wolfsreise.d-l-w.de\/wp-content\/uploads\/2019\/09\/58A19855-4BFA-4C06-A06D-568F39D43DDD-300x214.jpeg 300w, http:\/\/wolfsreise.d-l-w.de\/wp-content\/uploads\/2019\/09\/58A19855-4BFA-4C06-A06D-568F39D43DDD-768x547.jpeg 768w\" sizes=\"(max-width: 767px) 89vw, (max-width: 1000px) 54vw, (max-width: 1071px) 543px, 580px\" \/><figcaption>Collage aus Plakat \u201eMeditatives Sein\u201c &#8211; abgelaufen<\/figcaption><\/figure>\n\n\n\n<figure class=\"wp-block-image\"><img loading=\"lazy\" decoding=\"async\" width=\"753\" height=\"1024\" src=\"http:\/\/wolfsreise.d-l-w.de\/wp-content\/uploads\/2019\/09\/FA07C21F-66DE-44AC-B5AB-EE07714FBDF3-753x1024.jpeg\" alt=\"\" class=\"wp-image-2510\" srcset=\"http:\/\/wolfsreise.d-l-w.de\/wp-content\/uploads\/2019\/09\/FA07C21F-66DE-44AC-B5AB-EE07714FBDF3-753x1024.jpeg 753w, http:\/\/wolfsreise.d-l-w.de\/wp-content\/uploads\/2019\/09\/FA07C21F-66DE-44AC-B5AB-EE07714FBDF3-110x150.jpeg 110w, http:\/\/wolfsreise.d-l-w.de\/wp-content\/uploads\/2019\/09\/FA07C21F-66DE-44AC-B5AB-EE07714FBDF3-221x300.jpeg 221w, http:\/\/wolfsreise.d-l-w.de\/wp-content\/uploads\/2019\/09\/FA07C21F-66DE-44AC-B5AB-EE07714FBDF3-768x1045.jpeg 768w, http:\/\/wolfsreise.d-l-w.de\/wp-content\/uploads\/2019\/09\/FA07C21F-66DE-44AC-B5AB-EE07714FBDF3.jpeg 1535w\" sizes=\"(max-width: 706px) 89vw, (max-width: 767px) 82vw, 740px\" \/><figcaption>Was bl\u00fcht und fruchtet denn da? Vermutlich eine Winde, so Moni <\/figcaption><\/figure>\n\n\n\n<figure class=\"wp-block-image\"><img loading=\"lazy\" decoding=\"async\" width=\"1024\" height=\"726\" src=\"http:\/\/wolfsreise.d-l-w.de\/wp-content\/uploads\/2019\/09\/2B66F625-121A-49CB-B230-A736E69CB5E0-1024x726.jpeg\" alt=\"\" class=\"wp-image-2511\" srcset=\"http:\/\/wolfsreise.d-l-w.de\/wp-content\/uploads\/2019\/09\/2B66F625-121A-49CB-B230-A736E69CB5E0-1024x726.jpeg 1024w, http:\/\/wolfsreise.d-l-w.de\/wp-content\/uploads\/2019\/09\/2B66F625-121A-49CB-B230-A736E69CB5E0-150x106.jpeg 150w, http:\/\/wolfsreise.d-l-w.de\/wp-content\/uploads\/2019\/09\/2B66F625-121A-49CB-B230-A736E69CB5E0-300x213.jpeg 300w, http:\/\/wolfsreise.d-l-w.de\/wp-content\/uploads\/2019\/09\/2B66F625-121A-49CB-B230-A736E69CB5E0-768x545.jpeg 768w\" sizes=\"(max-width: 767px) 89vw, (max-width: 1000px) 54vw, (max-width: 1071px) 543px, 580px\" \/><figcaption>Haus ohne Garten<\/figcaption><\/figure>\n\n\n\n<figure class=\"wp-block-image\"><img loading=\"lazy\" decoding=\"async\" width=\"724\" height=\"1024\" src=\"http:\/\/wolfsreise.d-l-w.de\/wp-content\/uploads\/2019\/09\/83FD76C1-D1DC-423C-8574-9587D1A706D5-724x1024.jpeg\" alt=\"\" class=\"wp-image-2533\" srcset=\"http:\/\/wolfsreise.d-l-w.de\/wp-content\/uploads\/2019\/09\/83FD76C1-D1DC-423C-8574-9587D1A706D5-724x1024.jpeg 724w, http:\/\/wolfsreise.d-l-w.de\/wp-content\/uploads\/2019\/09\/83FD76C1-D1DC-423C-8574-9587D1A706D5-106x150.jpeg 106w, http:\/\/wolfsreise.d-l-w.de\/wp-content\/uploads\/2019\/09\/83FD76C1-D1DC-423C-8574-9587D1A706D5-212x300.jpeg 212w, http:\/\/wolfsreise.d-l-w.de\/wp-content\/uploads\/2019\/09\/83FD76C1-D1DC-423C-8574-9587D1A706D5-768x1086.jpeg 768w, http:\/\/wolfsreise.d-l-w.de\/wp-content\/uploads\/2019\/09\/83FD76C1-D1DC-423C-8574-9587D1A706D5.jpeg 1537w\" sizes=\"(max-width: 724px) 100vw, 724px\" \/><figcaption>Hohe Platanen in C\u00e9ret.<\/figcaption><\/figure>\n\n\n\n<figure class=\"wp-block-image\"><img loading=\"lazy\" decoding=\"async\" width=\"1024\" height=\"743\" src=\"http:\/\/wolfsreise.d-l-w.de\/wp-content\/uploads\/2019\/09\/73FD5D73-754A-4EC6-A3A1-B4BBB88681C7-1024x743.jpeg\" alt=\"\" class=\"wp-image-2648\" srcset=\"http:\/\/wolfsreise.d-l-w.de\/wp-content\/uploads\/2019\/09\/73FD5D73-754A-4EC6-A3A1-B4BBB88681C7-1024x743.jpeg 1024w, http:\/\/wolfsreise.d-l-w.de\/wp-content\/uploads\/2019\/09\/73FD5D73-754A-4EC6-A3A1-B4BBB88681C7-150x109.jpeg 150w, http:\/\/wolfsreise.d-l-w.de\/wp-content\/uploads\/2019\/09\/73FD5D73-754A-4EC6-A3A1-B4BBB88681C7-300x218.jpeg 300w, http:\/\/wolfsreise.d-l-w.de\/wp-content\/uploads\/2019\/09\/73FD5D73-754A-4EC6-A3A1-B4BBB88681C7-768x557.jpeg 768w\" sizes=\"(max-width: 767px) 89vw, (max-width: 1000px) 54vw, (max-width: 1071px) 543px, 580px\" \/><figcaption>Salines de B\u00e9arn <\/figcaption><\/figure>\n\n\n\n<figure class=\"wp-block-image\"><img loading=\"lazy\" decoding=\"async\" width=\"1024\" height=\"765\" src=\"http:\/\/wolfsreise.d-l-w.de\/wp-content\/uploads\/2019\/09\/8D827888-D8E7-4486-8DE9-3A46EDC0426C-1024x765.jpeg\" alt=\"\" class=\"wp-image-2649\" srcset=\"http:\/\/wolfsreise.d-l-w.de\/wp-content\/uploads\/2019\/09\/8D827888-D8E7-4486-8DE9-3A46EDC0426C-1024x765.jpeg 1024w, http:\/\/wolfsreise.d-l-w.de\/wp-content\/uploads\/2019\/09\/8D827888-D8E7-4486-8DE9-3A46EDC0426C-150x112.jpeg 150w, http:\/\/wolfsreise.d-l-w.de\/wp-content\/uploads\/2019\/09\/8D827888-D8E7-4486-8DE9-3A46EDC0426C-300x224.jpeg 300w, http:\/\/wolfsreise.d-l-w.de\/wp-content\/uploads\/2019\/09\/8D827888-D8E7-4486-8DE9-3A46EDC0426C-768x573.jpeg 768w\" sizes=\"(max-width: 767px) 89vw, (max-width: 1000px) 54vw, (max-width: 1071px) 543px, 580px\" \/><figcaption>Ohne Ende Berge<\/figcaption><\/figure>\n","protected":false},"excerpt":{"rendered":"<p>Iphofen aus dem Fenster Balkon in Malans Malans: Gegen\u00fcber Dauerregen in Agra Noch immer Schneebedeckt Pfingstrosen aus Malans Rovinj, sehr bedeckt Rovinj, Sanierungsfall \u2013 Collage Der Weg ohne Ziel Endlich wieder Fisch \u2013 Buntbarben, etwas aus der \u00dcbung Wildes Kroatien \u2013 Collage Beim Jupiter, immer diese R\u00f6mer \u2014 In \u0160ibenik Omi\u0161, Sonntags in der kleinen &hellip; <\/p>\n<p class=\"link-more\"><a href=\"http:\/\/wolfsreise.d-l-w.de\/?page_id=1493\" class=\"more-link\"><span class=\"screen-reader-text\">\u201eReisebilder\u201c<\/span> weiterlesen<\/a><\/p>\n","protected":false},"author":1,"featured_media":0,"parent":0,"menu_order":0,"comment_status":"closed","ping_status":"closed","template":"","meta":{"footnotes":""},"class_list":["post-1493","page","type-page","status-publish","hentry"],"_links":{"self":[{"href":"http:\/\/wolfsreise.d-l-w.de\/index.php?rest_route=\/wp\/v2\/pages\/1493"}],"collection":[{"href":"http:\/\/wolfsreise.d-l-w.de\/index.php?rest_route=\/wp\/v2\/pages"}],"about":[{"href":"http:\/\/wolfsreise.d-l-w.de\/index.php?rest_route=\/wp\/v2\/types\/page"}],"author":[{"embeddable":true,"href":"http:\/\/wolfsreise.d-l-w.de\/index.php?rest_route=\/wp\/v2\/users\/1"}],"replies":[{"embeddable":true,"href":"http:\/\/wolfsreise.d-l-w.de\/index.php?rest_route=%2Fwp%2Fv2%2Fcomments&post=1493"}],"version-history":[{"count":29,"href":"http:\/\/wolfsreise.d-l-w.de\/index.php?rest_route=\/wp\/v2\/pages\/1493\/revisions"}],"predecessor-version":[{"id":2871,"href":"http:\/\/wolfsreise.d-l-w.de\/index.php?rest_route=\/wp\/v2\/pages\/1493\/revisions\/2871"}],"wp:attachment":[{"href":"http:\/\/wolfsreise.d-l-w.de\/index.php?rest_route=%2Fwp%2Fv2%2Fmedia&parent=1493"}],"curies":[{"name":"wp","href":"https:\/\/api.w.org\/{rel}","templated":true}]}}